{"id":1245,"date":"2016-08-13T18:04:25","date_gmt":"2016-08-13T18:04:25","guid":{"rendered":"http:\/\/islamparatodos.com.br\/portal\/?page_id=1245"},"modified":"2024-02-06T14:07:51","modified_gmt":"2024-02-06T17:07:51","slug":"a-batalha-de-badr","status":"publish","type":"page","link":"https:\/\/islamparatodos.com.br\/portal\/a-batalha-de-badr\/","title":{"rendered":"A BATALHA DE BADR"},"content":{"rendered":"<p>[vc_row row_type=&#8221;row&#8221; use_row_as_full_screen_section=&#8221;no&#8221; type=&#8221;full_width&#8221; angled_section=&#8221;no&#8221; text_align=&#8221;left&#8221; background_image_as_pattern=&#8221;without_pattern&#8221; css_animation=&#8221;&#8221;][vc_column][vc_column_text]<\/p>\n<p class=\"w-body-text-1\" style=\"text-align: justify;\">Em uma expedi\u00e7\u00e3o a caravana coraixita em rota para S\u00edria escapou dos mu\u00e7ulmanos.\u00a0 Os mu\u00e7ulmanos esperavam por seu retorno.\u00a0 Alguns batedores dos mu\u00e7ulmanos viram a caravana, liderada pelo pr\u00f3prio Abu Sufyan, passar por eles, e correram para informar ao Profeta disso e de seu tamanho. \u00a0\u00a0Se essa caravana fosse interceptada seria um grande impacto econ\u00f4mico, um que abalaria toda a sociedade dos mecanos. \u00a0Os batedores mu\u00e7ulmanos relataram que a caravana faria uma parada nos po\u00e7os de Badr, e os mu\u00e7ulmanos se preparavam para intercept\u00e1-la.<\/p>\n<p class=\"w-body-text-1\" style=\"text-align: justify;\">.<\/p>\n<p class=\"w-body-text-1\" style=\"text-align: justify;\">Not\u00edcias sobre essas prepara\u00e7\u00f5es chegaram a Abu Sufyan em sua jornada ao sul, e ele enviou uma mensagem urgente para Meca para que um ex\u00e9rcito fosse despachado para l\u00edder com os mu\u00e7ulmanos.\u00a0 Percebendo as consequ\u00eancias catastr\u00f3ficas se a caravana fosse interceptada, imediatamente reuniram todo o poder poss\u00edvel e partiram para encontrar os mu\u00e7ulmanos. \u00a0No caminho para Badr o ex\u00e9rcito recebeu as not\u00edcias de que Abu Sufyan tinha conseguido escapar dos mu\u00e7ulmanos levando a caravana por uma rota alternativa junto ao litoral.\u00a0 O ex\u00e9rcito de Meca, com aproximadamente mil homens, persistiu em Badr para ensinar uma li\u00e7\u00e3o aos mu\u00e7ulmanos, dissuadindo-os de atacar quaisquer caravanas no futuro.<\/p>\n<p class=\"w-body-text-1\" style=\"text-align: justify;\">.<\/p>\n<p class=\"w-body-text-1\" style=\"text-align: justify;\">Quando os mu\u00e7ulmanos tomaram conhecimento do avan\u00e7o do ex\u00e9rcito de Meca, souberam que um passo ousado teria que ser dado.\u00a0 Se os mu\u00e7ulmanos n\u00e3o os encontrassem em Badr, os mecanos continuaram a minar a causa do Isl\u00e3 de todas as formas, possivelmente indo at\u00e9 Medina para destruir propriedades e bens l\u00e1. \u00a0O Profeta, que a miseric\u00f3rdia e b\u00ean\u00e7\u00e3os de Deus estejam sobre ele, reuniu um conselho consultivo para determinar o curso de a\u00e7\u00e3o.\u00a0 O Profeta n\u00e3o queria liderar os mu\u00e7ulmanos, especialmente os Ajudantes que eram a maioria do ex\u00e9rcito e n\u00e3o estavam obrigados pelo Pacto de Aqaba a lutar al\u00e9m de seus territ\u00f3rios, em algo com o qual n\u00e3o concordassem.<\/p>\n<p class=\"w-body-text-1\" style=\"text-align: justify;\">.<\/p>\n<p class=\"w-body-text-1\" style=\"text-align: justify;\">Um homem dos Ajudantes, Sa\u2019d ibn Mu\u2019aadh, reafirmou sua devo\u00e7\u00e3o ao Profeta e \u00e0 causa do Isl\u00e3.\u00a0 A seguir est\u00e3o suas palavras:<\/p>\n<p class=\"w-body-text-1\" style=\"text-align: justify;\"><em><strong>\u201c\u00d3 Profeta de Deus! Acreditamos em voc\u00ea e testemunhamos o que nos concedeu, e declaramos em termos inequ\u00edvocos que o que trouxe \u00e9 a Verdade.\u00a0 Damos-lhe nosso firme compromisso de obedi\u00eancia e sacrif\u00edcio.\u00a0 Obedeceremos de boa vontade no que quer que nos ordene, e por Deus Que o enviou com a Verdade, se nos pedir para mergulhar no mar, o faremos imediatamente, e nenhum homem ficar\u00e1 para tr\u00e1s.\u00a0 N\u00e3o rejeitamos a id\u00e9ia de encontrar o inimigo.\u00a0 Temos experi\u00eancia em guerra e somos confi\u00e1veis em combate.\u00a0 Esperamos que Deus lhe mostre atrav\u00e9s de nossas m\u00e3os aqueles atos de valor que agradar\u00e3o seus olhos.\u00a0 Lidere-nos no campo de batalha em Nome de Deus.&#8221;<\/strong><\/em><\/p>\n<p class=\"w-body-text-1\" style=\"text-align: justify;\">.<\/p>\n<p class=\"w-body-text-1\" style=\"text-align: justify;\">Depois dessa demonstra\u00e7\u00e3o de extremo apoio e amor pelo Profeta e pelo Isl\u00e3 tanto por parte dos Emigrantes quanto dos Ajudantes, os mu\u00e7ulmanos, em n\u00famero um pouco acima de 300, se prepararam da melhor forma poss\u00edvel para Badr. \u00a0Tinham apenas setenta camelos e tr\u00eas cavalos e por isso os homens cavalgavam em turnos.\u00a0 Prosseguiram para o que \u00e9 conhecido na hist\u00f3ria como <i>al- Yawm al-Furqan<\/i>, o Dia do Discernimento; discernimento entre luz e trevas, bem e mal, certo e errado.<\/p>\n<p class=\"w-body-text-1\" style=\"text-align: justify;\">.<\/p>\n<p class=\"w-body-text-1\" style=\"text-align: justify;\">Precedendo o dia da batalha, o Profeta passou a noite toda em ora\u00e7\u00e3o e s\u00faplica.\u00a0 A batalha foi travada em 17 de Ramad\u00e3 no segundo ano da H\u00e9gira, 624 EC.\u00a0 Era costume para os \u00e1rabes come\u00e7arem as batalhas com duelos individuais.\u00a0 Os mu\u00e7ulmanos ganharam uma vantagem nos duelos e alguns escribas dos Coraixitas foram mortos.\u00a0 Os Coraixitas ficaram enfurecidos e ca\u00edram sobre os mu\u00e7ulmanos para extermin\u00e1-los de uma vez por todas.\u00a0 Os mu\u00e7ulmanos mantiveram a posi\u00e7\u00e3o estrat\u00e9gica de defesa, que por sua vez produziu pesadas baixas para os mecanos. \u00a0O Profeta implorava a Seu Senhor com toda sua for\u00e7a nesse momento, levantando suas m\u00e3os t\u00e3o alto que seu manto caiu abaixo de seus ombros.\u00a0 Nesse ponto ele recebeu uma revela\u00e7\u00e3o prometendo a ajuda de Deus:<\/p>\n<p class=\"w-quran\" style=\"text-align: justify;\"><strong>\u201c&#8230; Refor\u00e7ar-vos-ei com mil anjos, que vos chegar\u00e3o paulatinamente.\u201d (Alcor\u00e3o 8:9)<\/strong><\/p>\n<p>[\/vc_column_text][vc_empty_space][\/vc_column][\/vc_row][vc_row row_type=&#8221;row&#8221; use_row_as_full_screen_section=&#8221;no&#8221; type=&#8221;full_width&#8221; angled_section=&#8221;no&#8221; text_align=&#8221;left&#8221; background_image_as_pattern=&#8221;without_pattern&#8221; css_animation=&#8221;&#8221;][vc_column width=&#8221;1\/2&#8243;][vc_column_text]<img loading=\"lazy\" decoding=\"async\" class=\"wp-image-1264 aligncenter\" src=\"https:\/\/islamparatodos.com.br\/portal\/wp-content\/uploads\/2016\/08\/a-batalha-badr-300x198.jpg\" alt=\"a-batalha-badr\" width=\"380\" height=\"251\" \/>[\/vc_column_text][\/vc_column][vc_column width=&#8221;1\/2&#8243;][vc_column_text]<\/p>\n<p class=\"w-body-text-1\" style=\"text-align: justify;\">Ao ouvir as boas novas, o Profeta ordenou aos mu\u00e7ulmanos que tomassem a ofensiva.\u00a0 O grande ex\u00e9rcito dos Coraixitas foi esmagado pelo zelo, valor e f\u00e9 dos mu\u00e7ulmanos, e depois de enfrentar pesadas baixas, n\u00e3o havia o que fazer a n\u00e3o ser fugir.\u00a0 Os mu\u00e7ulmanos ficaram sozinhos no campo com uns poucos mecanos condenados, entre eles o arquiinimigo do Isl\u00e3, Abu Jahl.\u00a0 Os Coraixitas foram derrotados e Abu Jahl foi morto.\u00a0 A promessa de Deus se realizou:<\/p>\n<p class=\"w-quran\" style=\"text-align: justify;\"><strong>\u201cLogo, a multid\u00e3o ser\u00e1 debelada e debandar\u00e1.\u201d (Alcor\u00e3o 54:45)<\/strong><\/p>\n<p class=\"w-quran\" style=\"text-align: justify;\">.<\/p>\n<p class=\"w-body-text-1\" style=\"text-align: justify;\">\u00a0<strong>Em uma das mais decisivas batalhas na hist\u00f3ria humana, o total de perdas ficou apenas entre setenta e oitenta.<\/strong><\/p>\n<p class=\"w-body-text-1\" style=\"text-align: justify;\">.<\/p>\n<p class=\"w-body-text-1\" style=\"text-align: justify;\">Meca ficou em choque e Abu Sufyan ficou como a figura dominante na cidade. Ele sabia melhor que ningu\u00e9m que a situa\u00e7\u00e3o n\u00e3o poderia ficar como estava.\u00a0 Sucesso atrai sucesso e as tribos bedu\u00ednas rapidamente avaliaram que o equil\u00edbrio de poder se direcionava para a alian\u00e7a com os mu\u00e7ulmanos, e o Isl\u00e3 conquistou muitos novos convertidos em Medina.<\/p>\n<p>[\/vc_column_text][vc_empty_space][\/vc_column][\/vc_row]<\/p>\n","protected":false},"excerpt":{"rendered":"<p>[vc_row row_type=&#8221;row&#8221; use_row_as_full_screen_section=&#8221;no&#8221; type=&#8221;full_width&#8221; angled_section=&#8221;no&#8221; text_align=&#8221;left&#8221; background_image_as_pattern=&#8221;without_pattern&#8221; css_animation=&#8221;&#8221;][vc_column][vc_column_text] Em uma expedi\u00e7\u00e3o a caravana coraixita em rota para S\u00edria escapou dos mu\u00e7ulmanos.\u00a0 Os mu\u00e7ulmanos esperavam por seu retorno.\u00a0 Alguns batedores dos mu\u00e7ulmanos viram a caravana, liderada pelo pr\u00f3prio Abu Sufyan, passar por eles, e correram para&#8230;<\/p>\n","protected":false},"author":1,"featured_media":0,"parent":0,"menu_order":0,"comment_status":"closed","ping_status":"closed","template":"","meta":{"footnotes":""},"_links":{"self":[{"href":"https:\/\/islamparatodos.com.br\/portal\/wp-json\/wp\/v2\/pages\/1245"}],"collection":[{"href":"https:\/\/islamparatodos.com.br\/portal\/wp-json\/wp\/v2\/pages"}],"about":[{"href":"https:\/\/islamparatodos.com.br\/portal\/wp-json\/wp\/v2\/types\/page"}],"author":[{"embeddable":true,"href":"https:\/\/islamparatodos.com.br\/portal\/wp-json\/wp\/v2\/users\/1"}],"replies":[{"embeddable":true,"href":"https:\/\/islamparatodos.com.br\/portal\/wp-json\/wp\/v2\/comments?post=1245"}],"version-history":[{"count":1,"href":"https:\/\/islamparatodos.com.br\/portal\/wp-json\/wp\/v2\/pages\/1245\/revisions"}],"predecessor-version":[{"id":1736,"href":"https:\/\/islamparatodos.com.br\/portal\/wp-json\/wp\/v2\/pages\/1245\/revisions\/1736"}],"wp:attachment":[{"href":"https:\/\/islamparatodos.com.br\/portal\/wp-json\/wp\/v2\/media?parent=1245"}],"curies":[{"name":"wp","href":"https:\/\/api.w.org\/{rel}","templated":true}]}}